{"id":84,"date":"2023-10-25T20:00:13","date_gmt":"2023-10-25T20:00:13","guid":{"rendered":"http:\/\/ntar_admin"},"modified":"2023-11-24T18:47:49","modified_gmt":"2023-11-24T18:47:49","slug":"audio-forum-2016","status":"publish","type":"page","link":"https:\/\/audioforum.rs\/sr\/previous-events\/audio-forum-2016\/","title":{"rendered":"Audio Forum 2016"},"content":{"rendered":"<h2 class=\"wp-block-heading\"><a href=\"https:\/\/twitter.com\/rashadbecker\">Ra\u0161ad Beker (Rashad Becker)<\/a><\/h2>\n\n\n\n<h6 class=\"wp-block-heading\">Mastering Engineer, Clunk (Berlin, Germany)<\/h6>\n\n\n\n<div class=\"wp-block-media-text is-stacked-on-mobile is-image-fill\"><figure class=\"wp-block-media-text__media\" style=\"background-image:url(https:\/\/audioforum.rs\/wp-content\/uploads\/2023\/10\/410ee13d7ea2a2a650a351e29fe52906_crRES.jpg);background-position:38% 35%\"><img fetchpriority=\"high\" decoding=\"async\" width=\"400\" height=\"400\" src=\"https:\/\/audioforum.rs\/wp-content\/uploads\/2023\/10\/410ee13d7ea2a2a650a351e29fe52906_crRES.jpg\" alt=\"\" class=\"wp-image-327 size-full\" srcset=\"https:\/\/audioforum.rs\/wp-content\/uploads\/2023\/10\/410ee13d7ea2a2a650a351e29fe52906_crRES.jpg 400w, https:\/\/audioforum.rs\/wp-content\/uploads\/2023\/10\/410ee13d7ea2a2a650a351e29fe52906_crRES-300x300.jpg 300w, https:\/\/audioforum.rs\/wp-content\/uploads\/2023\/10\/410ee13d7ea2a2a650a351e29fe52906_crRES-150x150.jpg 150w\" sizes=\"(max-width: 400px) 100vw, 400px\" \/><\/figure><div class=\"wp-block-media-text__content\">\n<h3 class=\"wp-block-heading\">13.4.2016 | 11:00 - 13:00 | na licu mesta<\/h3>\n\n\n\n<p>Ra\u0161ad je mastering in\u017eenjer nastanjen u Berlinu, koji se dominantno bavim masterovanjem elektronske muzike za vinil. U trenutku odr\u017eavanja Audio Foruma 2015, njegov rad brojao je oko 1200 dela elektronske muzike nad kojima je radio zavr\u0161nu obradu.<\/p>\n\n\n\n<p class=\"translation-block\">Iako je anga\u017eovan pri Basic Channel\u2019s Dubplates &amp; Mastering studiju, Ra\u0161ad je uspostavio svoj studio u Krojcbergu pod imenom \u201eClunk\u201c koji je bio okosnica, inicijalni zamajac za izdava\u010dku ku\u0107u PAN 2013. godine albumom \u201eTraditional Music of Notional Species Vol. 1\u201c.<\/p>\n<\/div><\/div>\n\n\n\n<h2 class=\"wp-block-heading\"><a href=\"https:\/\/www.imdb.com\/name\/nm0167915\/\">Becky Sullivan<\/a><\/h2>\n\n\n\n<h6 class=\"wp-block-heading\">Supervizorka monta\u017ee zvuka i ADR monta\u017eerka, Universal Studios (Orlando, FL)<\/h6>\n\n\n\n<div class=\"wp-block-media-text is-stacked-on-mobile is-image-fill\"><figure class=\"wp-block-media-text__media\" style=\"background-image:url(https:\/\/audioforum.rs\/wp-content\/uploads\/2023\/10\/Becky-Sullivan_cr-gigapixel-standard-width-400px-1.jpg);background-position:49% 37%\"><img decoding=\"async\" width=\"400\" height=\"400\" src=\"https:\/\/audioforum.rs\/wp-content\/uploads\/2023\/10\/Becky-Sullivan_cr-gigapixel-standard-width-400px-1.jpg\" alt=\"\" class=\"wp-image-328 size-full\" srcset=\"https:\/\/audioforum.rs\/wp-content\/uploads\/2023\/10\/Becky-Sullivan_cr-gigapixel-standard-width-400px-1.jpg 400w, https:\/\/audioforum.rs\/wp-content\/uploads\/2023\/10\/Becky-Sullivan_cr-gigapixel-standard-width-400px-1-300x300.jpg 300w, https:\/\/audioforum.rs\/wp-content\/uploads\/2023\/10\/Becky-Sullivan_cr-gigapixel-standard-width-400px-1-150x150.jpg 150w\" sizes=\"(max-width: 400px) 100vw, 400px\" \/><\/figure><div class=\"wp-block-media-text__content\">\n<h3 class=\"wp-block-heading\">12.12.2016 | 19:00 - 21:30 | video poziv<\/h3>\n\n\n\n<p class=\"translation-block\">S\u200bupervizorka monta\u017ee zvuka (Supervising Sound Editor) Beki Saliven, nominovana je za nagradu Oskar u kategoriji Best Achievement in Sound Editing za film \u201eUnbroken\u201c 2014. godine. Time, Beki je postala peta \u017eena ikada nominovana za Oskara u Sound Editing kategoriji! Pored ovih nominacija, dobitnica je BAFTA nagrade za rad na filmu \u201eThe Fugitive\u201c.<\/p>\n\n\n\n<p class=\"translation-block\">Trenutno vodi sektor monta\u017ee zvuka giganta filmske produkcije Universal Studios, a ima i Supervising Sound Editor ulogu u Sony Pictures Studios.<\/p>\n\n\n\n<p class=\"translation-block\">U svet zvuka u\u0161la je fokusirana na ADR (Automatic Dialogue Replacement) i ubrzo postala ekspert u toj oblasti rade\u0107i na fimovima kao \u0161to su \u201eRoboCop\u201c i \u201eThe Fugitive\u201c.<\/p>\n\n\n\n<p class=\"translation-block\">Kao supervizorka monta\u017ee zvuka, bavila se ozvu\u010davanjem velikih holivudskih naslova: Ghostbusters, The Big Short, Fifty Shades of Grey.<\/p>\n<\/div><\/div>\n\n\n\n<h2 class=\"wp-block-heading\"><a href=\"https:\/\/www.fsu.edu.rs\/profesor-ljubinko-gordic\/\">Ljubinko Gordi\u0107<\/a><\/h2>\n\n\n\n<h6 class=\"wp-block-heading\">Dizajner zvuka i autor, RTS (Beograd)<\/h6>\n\n\n\n<div class=\"wp-block-media-text is-stacked-on-mobile is-image-fill\"><figure class=\"wp-block-media-text__media\" style=\"background-image:url(https:\/\/audioforum.rs\/wp-content\/uploads\/2023\/10\/IMG_20221108_142712_cr-gigapixel-standard-width-400px.jpg);background-position:49% 35%\"><img decoding=\"async\" width=\"400\" height=\"400\" src=\"https:\/\/audioforum.rs\/wp-content\/uploads\/2023\/10\/IMG_20221108_142712_cr-gigapixel-standard-width-400px.jpg\" alt=\"\" class=\"wp-image-331 size-full\" srcset=\"https:\/\/audioforum.rs\/wp-content\/uploads\/2023\/10\/IMG_20221108_142712_cr-gigapixel-standard-width-400px.jpg 400w, https:\/\/audioforum.rs\/wp-content\/uploads\/2023\/10\/IMG_20221108_142712_cr-gigapixel-standard-width-400px-300x300.jpg 300w, https:\/\/audioforum.rs\/wp-content\/uploads\/2023\/10\/IMG_20221108_142712_cr-gigapixel-standard-width-400px-150x150.jpg 150w\" sizes=\"(max-width: 400px) 100vw, 400px\" \/><\/figure><div class=\"wp-block-media-text__content\">\n<h3 class=\"wp-block-heading\">13.12.2016 | 12:00 - 14:00 | na licu mesta<\/h3>\n\n\n\n<p>Ljubinko je zavr\u0161io je osnovne studije Snimanja i dizajna zvuka na Fakultetu dramskih umetnosti 2007. godine. Veliki deo svoje karijere proveo rade\u0107i kao dizajner zvuka na televiziji RTS (Radio-televizija Srbije), vremenom se profili\u0161u\u0107i u oblasti realizacije \u017eivog programa. To su, u najve\u0107oj meri, snimanja i prenosi muzi\u010dko-scenskih dela i sportskih doga\u0111aja.<\/p>\n\n\n\n<p class=\"translation-block\">Zajedno sa kolegom Zdravkom Maljkovi\u0107em, na Audio Forumu 2016 odr\u017eao je radionicu \u201eStereofonsko snimanje muzike\u201c. Tom prilikom, Ljubinko i Zdravko predstavili su i knjigu koju su sa\u010dinili u koautorstvu, pod nazivom \u201eStereofonija \u2013 teorija i praksa\u201c. Knjiga je jednom delu publike podsetnik, a drugom delu priru\u010dnik u profesionalnim izazovima koji ih o\u010dekuju, sa ciljem da se ovaj posao pribli\u017ei novim generacijama.<\/p>\n\n\n\n<p>Ljubinko je od 2017. godine docent na Fakultetu savremenih umetnosti u Beogradu, gde predaje na predmetima: Stereofonija i kreiranje zvu\u010dne slike, Dizajn zvuka-mediji, Postprodukcija umetni\u010dke muzike.<\/p>\n<\/div><\/div>\n\n\n\n<h2 class=\"wp-block-heading\"><a href=\"https:\/\/www.fsu.edu.rs\/profesor-zdravko-maljkovic\/#1513594468371-8bdf597c-79ec\">Zdravko Maljkovi\u0107<\/a><\/h2>\n\n\n\n<h6 class=\"wp-block-heading\">Dizajner zvuka i autor, RTS (Beograd)<\/h6>\n\n\n\n<div class=\"wp-block-media-text is-stacked-on-mobile is-image-fill\"><figure class=\"wp-block-media-text__media\" style=\"background-image:url(https:\/\/audioforum.rs\/wp-content\/uploads\/2023\/10\/P1000024_cr-gigapixel-standard-width-400px.jpg);background-position:50% 50%\"><img loading=\"lazy\" decoding=\"async\" width=\"400\" height=\"400\" src=\"https:\/\/audioforum.rs\/wp-content\/uploads\/2023\/10\/P1000024_cr-gigapixel-standard-width-400px.jpg\" alt=\"\" class=\"wp-image-329 size-full\" srcset=\"https:\/\/audioforum.rs\/wp-content\/uploads\/2023\/10\/P1000024_cr-gigapixel-standard-width-400px.jpg 400w, https:\/\/audioforum.rs\/wp-content\/uploads\/2023\/10\/P1000024_cr-gigapixel-standard-width-400px-300x300.jpg 300w, https:\/\/audioforum.rs\/wp-content\/uploads\/2023\/10\/P1000024_cr-gigapixel-standard-width-400px-150x150.jpg 150w\" sizes=\"(max-width: 400px) 100vw, 400px\" \/><\/figure><div class=\"wp-block-media-text__content\">\n<h3 class=\"wp-block-heading\">13.12.2016 | 12:00 - 14:00 | na licu mesta<\/h3>\n\n\n\n<p>Zdravko Maljkovi\u0107 zavr\u0161io je osnovne studije Snimanja i dizajna zvuka na Fakultetu dramskih umetnosti 2009. godine, a u me\u0111uvremenu odr\u017eavao kontinuitet karijere dizajnera zvuka na televiziji RTS (Radio-televizija Srbije), u oblasti realizacije \u017eivog programa. To su, u najve\u0107oj meri, snimanja i prenosi muzi\u010dko-scenskih dela i sportskih doga\u0111aja.<\/p>\n\n\n\n<p class=\"translation-block\">Zajedno sa kolegom Ljubinkom Gordi\u0107em, na Audio Forumu 2016 odr\u017eao je radionicu \u201eStereofonsko snimanje muzike\u201e. Tom prilikom, Zdravko i Ljubinko predstavili su i knjigu koju su sa\u010dinili u koautorstvu, pod nazivom \u201eStereofonija \u2013 teorija i praksa\u201e. Knjiga je jednom delu publike podsetnik, a drugom delu priru\u010dnik u profesionalnim izazovima koji ih o\u010dekuju, sa ciljem da se ovaj posao pribli\u017ei novim generacijama.<\/p>\n\n\n\n<p>Zdravko je od 2017. godine docent na Fakultetu savremenih umetnosti u Beogradu, gde predaje na predmetima: Snimanje zvuka, Snimanje muzike-solo instrumenti, Snimanje muzike-mali sastavi.<\/p>\n<\/div><\/div>\n\n\n\n<h2 class=\"wp-block-heading\"><a href=\"https:\/\/mixwiththemasters.com\/masters\/alan-meyerson\">Alan Majerson (Alan Meyerson)<\/a><\/h2>\n\n\n\n<h6 class=\"wp-block-heading\">Mikser filmske muzike, Remote Control Productions (Santa Monica, CA)<\/h6>\n\n\n\n<div class=\"wp-block-media-text is-stacked-on-mobile is-image-fill\"><figure class=\"wp-block-media-text__media\" style=\"background-image:url(https:\/\/audioforum.rs\/wp-content\/uploads\/2023\/10\/mpc-hc64_TU1h8vyqYt-gigapixel-low_res-height-400px-1.jpg);background-position:51% 34%\"><img loading=\"lazy\" decoding=\"async\" width=\"400\" height=\"400\" src=\"https:\/\/audioforum.rs\/wp-content\/uploads\/2023\/10\/mpc-hc64_TU1h8vyqYt-gigapixel-low_res-height-400px-1.jpg\" alt=\"\" class=\"wp-image-330 size-full\" srcset=\"https:\/\/audioforum.rs\/wp-content\/uploads\/2023\/10\/mpc-hc64_TU1h8vyqYt-gigapixel-low_res-height-400px-1.jpg 400w, https:\/\/audioforum.rs\/wp-content\/uploads\/2023\/10\/mpc-hc64_TU1h8vyqYt-gigapixel-low_res-height-400px-1-300x300.jpg 300w, https:\/\/audioforum.rs\/wp-content\/uploads\/2023\/10\/mpc-hc64_TU1h8vyqYt-gigapixel-low_res-height-400px-1-150x150.jpg 150w\" sizes=\"(max-width: 400px) 100vw, 400px\" \/><\/figure><div class=\"wp-block-media-text__content\">\n<h3 class=\"wp-block-heading\">13.12.2016 | 19:00 - 21:30 | video poziv<\/h3>\n\n\n\n<p>Jedan je od najzna\u010dajnih miksera filmske muzike modernog doba. Sa vi\u0161e od 200 ura\u0111enih filmova i vi\u0161e od 20 godina bavljenja filmskom muzikom, Majerson je beskrajan izvor saveta.<\/p>\n\n\n\n<p>Pre ulaska u filmsku industriju, Majerson je imao i muzi\u010dku karijeru! Kao mikser popularne muzike radio je u najzna\u010dajnijim Njujor\u0161kim studijima, poput Hit Factory, miksaju\u0107i \u010duvene svetske albume za zvezde kao \u0161to su Bob Dylan, Diana Ross, Bryan Ferry, New Order.<\/p>\n\n\n\n<p>Alanovo ime naj\u010de\u0161\u0107e se povezuje sa trenutno najtra\u017eenijim filmskim kompozitorom u Holivudu \u2013 Hansom Cimerom (Hans Zimmer), sa kojim sara\u0111uje od po\u010detka svoje filmske karijere.<\/p>\n\n\n\n<p>Najzna\u010dajniji radovi na filmu: Interstellar, Man of Steel, Iron Man, The Pirates of the Caribbean, Sherlock Holmes, A Game of Shadows, Inception, The Dark Knight, Kung-Fu Panda, Despicable Me, The Last Samurai, Gladiator.<\/p>\n<\/div><\/div>\n\n\n\n<h2 class=\"wp-block-heading\"><a href=\"https:\/\/www.imdb.com\/name\/nm0314832\/\">Skot Ger\u0161in (Scott Gershin)<\/a><\/h2>\n\n\n\n<h6 class=\"wp-block-heading\">Supervizor monta\u017ee zvuka<\/h6>\n\n\n\n<div class=\"wp-block-media-text is-stacked-on-mobile is-image-fill\"><figure class=\"wp-block-media-text__media\" style=\"background-image:url(https:\/\/audioforum.rs\/wp-content\/uploads\/2023\/10\/Scott-Gershin_cr-gigapixel-very_compressed-width-400px.jpg);background-position:50% 50%\"><img loading=\"lazy\" decoding=\"async\" width=\"400\" height=\"400\" src=\"https:\/\/audioforum.rs\/wp-content\/uploads\/2023\/10\/Scott-Gershin_cr-gigapixel-very_compressed-width-400px.jpg\" alt=\"\" class=\"wp-image-332 size-full\" srcset=\"https:\/\/audioforum.rs\/wp-content\/uploads\/2023\/10\/Scott-Gershin_cr-gigapixel-very_compressed-width-400px.jpg 400w, https:\/\/audioforum.rs\/wp-content\/uploads\/2023\/10\/Scott-Gershin_cr-gigapixel-very_compressed-width-400px-300x300.jpg 300w, https:\/\/audioforum.rs\/wp-content\/uploads\/2023\/10\/Scott-Gershin_cr-gigapixel-very_compressed-width-400px-150x150.jpg 150w\" sizes=\"(max-width: 400px) 100vw, 400px\" \/><\/figure><div class=\"wp-block-media-text__content\">\n<h3 class=\"wp-block-heading\">15.12.2016 | 19:00 - 21:30 | video poziv<\/h3>\n\n\n\n<p>Tridesetogodi\u0161nja impresivna karijera ovog britansko-ameri\u010dkog supervizora monta\u017ee zvuka pokriva sve oblasti dizajna zvuka u audio-vizuelnom delu.<\/p>\n\n\n\n<p>Skot Ger\u0161in je dobitnik devet Golden Reel nagrada koje se dodeljuju za izuzetan doprinos u monta\u017ei zvuka. Zatim, dobitnik je i najve\u0107e BAFTA nagrade za najbolji zvuk u filmu, a pregr\u0161t nominacija i drugih nagrada kao \u0161to su Emmy i TEC jasno govore o Skotovom profesionalnom radu.<\/p>\n\n\n\n<p>Radio je na filmovima poput Nightcrawler, The Book of Life, Riddick, Pacific Rim, Star Trek, Shrek, American Beauty.<\/p>\n\n\n\n<p>Skotov portfolio se posebno isti\u010de zbog rada na dizajnu zvuka za slede\u0107e video igre: Doom 2016, Epic Mickey, Gears of War, Resident Evil, Fable.<\/p>\n\n\n\n<p>Skot predvodi tim kompanije Technicolor, svetskog tehnolo\u0161kog lidera u oblasti multimedije i zabave, zadu\u017een za zvuk u novim tehnologijama, sa posebnim akcentom na zvuku za VR.<\/p>\n<\/div><\/div>","protected":false},"excerpt":{"rendered":"<p>Rashad Becker Mastering Engineer, Clunk (Berlin, Germany) April 13, 2016 | 11:00 \u2013 13:00 | on-site Rashad is a mastering engineer based in Berlin, who mainly engages with electronic music mastering for vinyl. At the time of Audio Forum 2015, his work amounted to around 1200 pieces of electronic music that he was wrapping up [&hellip;]<\/p>\n","protected":false},"author":3,"featured_media":288,"parent":72,"menu_order":0,"comment_status":"closed","ping_status":"closed","template":"","meta":{"_acf_changed":false,"footnotes":""},"class_list":["post-84","page","type-page","status-publish","has-post-thumbnail","hentry"],"acf":[],"yoast_head":"<!-- This site is optimized with the Yoast SEO plugin v26.9 - https:\/\/yoast.com\/product\/yoast-seo-wordpress\/ -->\n<title>Audio Forum 2016 - Audio Forum<\/title>\n<meta name=\"description\" content=\"A unique annual pro-audio conference in the SEE, happening in Belgrade, Serbia, with seasoned experts in its speaker lineup.\" \/>\n<meta name=\"robots\" content=\"index, follow, max-snippet:-1, max-image-preview:large, max-video-preview:-1\" \/>\n<link rel=\"canonical\" href=\"https:\/\/audioforum.rs\/sr\/previous-events\/audio-forum-2016\/\" \/>\n<meta property=\"og:locale\" content=\"sr_RS\" \/>\n<meta property=\"og:type\" content=\"article\" \/>\n<meta property=\"og:title\" content=\"Audio Forum 2016 - Audio Forum\" \/>\n<meta property=\"og:description\" content=\"A unique annual pro-audio conference in the SEE, happening in Belgrade, Serbia, with seasoned experts in its speaker lineup.\" \/>\n<meta property=\"og:url\" content=\"https:\/\/audioforum.rs\/sr\/previous-events\/audio-forum-2016\/\" \/>\n<meta property=\"og:site_name\" content=\"Audio Forum\" \/>\n<meta property=\"article:publisher\" content=\"https:\/\/www.facebook.com\/masivaudioforum\/\" \/>\n<meta property=\"article:modified_time\" content=\"2023-11-24T18:47:49+00:00\" \/>\n<meta property=\"og:image\" content=\"https:\/\/audioforum.rs\/wp-content\/uploads\/2023\/10\/AF_og_image_v3-01.jpg\" \/>\n\t<meta property=\"og:image:width\" content=\"1200\" \/>\n\t<meta property=\"og:image:height\" content=\"768\" \/>\n\t<meta property=\"og:image:type\" content=\"image\/jpeg\" \/>\n<meta name=\"twitter:card\" content=\"summary_large_image\" \/>\n<meta name=\"twitter:label1\" content=\"\u041f\u0440\u043e\u0446\u0435\u045a\u0435\u043d\u043e \u0432\u0440\u0435\u043c\u0435 \u0447\u0438\u0442\u0430\u045a\u0430\" \/>\n\t<meta name=\"twitter:data1\" content=\"6 \u043c\u0438\u043d\u0443\u0442\u0430\" \/>\n<script type=\"application\/ld+json\" class=\"yoast-schema-graph\">{\"@context\":\"https:\/\/schema.org\",\"@graph\":[{\"@type\":\"WebPage\",\"@id\":\"https:\/\/audioforum.rs\/previous-events\/audio-forum-2016\/\",\"url\":\"https:\/\/audioforum.rs\/previous-events\/audio-forum-2016\/\",\"name\":\"Audio Forum 2016 - Audio Forum\",\"isPartOf\":{\"@id\":\"https:\/\/audioforum.rs\/#website\"},\"primaryImageOfPage\":{\"@id\":\"https:\/\/audioforum.rs\/previous-events\/audio-forum-2016\/#primaryimage\"},\"image\":{\"@id\":\"https:\/\/audioforum.rs\/previous-events\/audio-forum-2016\/#primaryimage\"},\"thumbnailUrl\":\"https:\/\/audioforum.rs\/wp-content\/uploads\/2023\/10\/AF_og_image_v3-01.jpg\",\"datePublished\":\"2023-10-25T20:00:13+00:00\",\"dateModified\":\"2023-11-24T18:47:49+00:00\",\"description\":\"A unique annual pro-audio conference in the SEE, happening in Belgrade, Serbia, with seasoned experts in its speaker lineup.\",\"breadcrumb\":{\"@id\":\"https:\/\/audioforum.rs\/previous-events\/audio-forum-2016\/#breadcrumb\"},\"inLanguage\":\"sr-RS\",\"potentialAction\":[{\"@type\":\"ReadAction\",\"target\":[\"https:\/\/audioforum.rs\/previous-events\/audio-forum-2016\/\"]}]},{\"@type\":\"ImageObject\",\"inLanguage\":\"sr-RS\",\"@id\":\"https:\/\/audioforum.rs\/previous-events\/audio-forum-2016\/#primaryimage\",\"url\":\"https:\/\/audioforum.rs\/wp-content\/uploads\/2023\/10\/AF_og_image_v3-01.jpg\",\"contentUrl\":\"https:\/\/audioforum.rs\/wp-content\/uploads\/2023\/10\/AF_og_image_v3-01.jpg\",\"width\":1200,\"height\":768},{\"@type\":\"BreadcrumbList\",\"@id\":\"https:\/\/audioforum.rs\/previous-events\/audio-forum-2016\/#breadcrumb\",\"itemListElement\":[{\"@type\":\"ListItem\",\"position\":1,\"name\":\"Home\",\"item\":\"https:\/\/audioforum.rs\/\"},{\"@type\":\"ListItem\",\"position\":2,\"name\":\"Previous Events\",\"item\":\"https:\/\/audioforum.rs\/previous-events\/\"},{\"@type\":\"ListItem\",\"position\":3,\"name\":\"Audio Forum 2016\"}]},{\"@type\":\"WebSite\",\"@id\":\"https:\/\/audioforum.rs\/#website\",\"url\":\"https:\/\/audioforum.rs\/\",\"name\":\"Audio Forum\",\"description\":\"A unique annual pro-audio conference in SEE\",\"publisher\":{\"@id\":\"https:\/\/audioforum.rs\/#organization\"},\"potentialAction\":[{\"@type\":\"SearchAction\",\"target\":{\"@type\":\"EntryPoint\",\"urlTemplate\":\"https:\/\/audioforum.rs\/?s={search_term_string}\"},\"query-input\":{\"@type\":\"PropertyValueSpecification\",\"valueRequired\":true,\"valueName\":\"search_term_string\"}}],\"inLanguage\":\"sr-RS\"},{\"@type\":\"Organization\",\"@id\":\"https:\/\/audioforum.rs\/#organization\",\"name\":\"Audio Forum\",\"url\":\"https:\/\/audioforum.rs\/\",\"logo\":{\"@type\":\"ImageObject\",\"inLanguage\":\"sr-RS\",\"@id\":\"https:\/\/audioforum.rs\/#\/schema\/logo\/image\/\",\"url\":\"https:\/\/audioforum.rs\/wp-content\/uploads\/2023\/11\/AF_Logo-01.png\",\"contentUrl\":\"https:\/\/audioforum.rs\/wp-content\/uploads\/2023\/11\/AF_Logo-01.png\",\"width\":4000,\"height\":420,\"caption\":\"Audio Forum\"},\"image\":{\"@id\":\"https:\/\/audioforum.rs\/#\/schema\/logo\/image\/\"},\"sameAs\":[\"https:\/\/www.facebook.com\/masivaudioforum\/\",\"https:\/\/www.youtube.com\/c\/AudioForum\",\"https:\/\/www.instagram.com\/audio_forum\/\",\"https:\/\/discord.com\/invite\/pW4tgnn4k3\"]}]}<\/script>\n<!-- \/ Yoast SEO plugin. -->","yoast_head_json":{"title":"Audio Forum 2016 - Audio Forum","description":"A unique annual pro-audio conference in the SEE, happening in Belgrade, Serbia, with seasoned experts in its speaker lineup.","robots":{"index":"index","follow":"follow","max-snippet":"max-snippet:-1","max-image-preview":"max-image-preview:large","max-video-preview":"max-video-preview:-1"},"canonical":"https:\/\/audioforum.rs\/sr\/previous-events\/audio-forum-2016\/","og_locale":"sr_RS","og_type":"article","og_title":"Audio Forum 2016 - Audio Forum","og_description":"A unique annual pro-audio conference in the SEE, happening in Belgrade, Serbia, with seasoned experts in its speaker lineup.","og_url":"https:\/\/audioforum.rs\/sr\/previous-events\/audio-forum-2016\/","og_site_name":"Audio Forum","article_publisher":"https:\/\/www.facebook.com\/masivaudioforum\/","article_modified_time":"2023-11-24T18:47:49+00:00","og_image":[{"width":1200,"height":768,"url":"https:\/\/audioforum.rs\/wp-content\/uploads\/2023\/10\/AF_og_image_v3-01.jpg","type":"image\/jpeg"}],"twitter_card":"summary_large_image","twitter_misc":{"\u041f\u0440\u043e\u0446\u0435\u045a\u0435\u043d\u043e \u0432\u0440\u0435\u043c\u0435 \u0447\u0438\u0442\u0430\u045a\u0430":"6 \u043c\u0438\u043d\u0443\u0442\u0430"},"schema":{"@context":"https:\/\/schema.org","@graph":[{"@type":"WebPage","@id":"https:\/\/audioforum.rs\/previous-events\/audio-forum-2016\/","url":"https:\/\/audioforum.rs\/previous-events\/audio-forum-2016\/","name":"Audio Forum 2016 - Audio Forum","isPartOf":{"@id":"https:\/\/audioforum.rs\/#website"},"primaryImageOfPage":{"@id":"https:\/\/audioforum.rs\/previous-events\/audio-forum-2016\/#primaryimage"},"image":{"@id":"https:\/\/audioforum.rs\/previous-events\/audio-forum-2016\/#primaryimage"},"thumbnailUrl":"https:\/\/audioforum.rs\/wp-content\/uploads\/2023\/10\/AF_og_image_v3-01.jpg","datePublished":"2023-10-25T20:00:13+00:00","dateModified":"2023-11-24T18:47:49+00:00","description":"A unique annual pro-audio conference in the SEE, happening in Belgrade, Serbia, with seasoned experts in its speaker lineup.","breadcrumb":{"@id":"https:\/\/audioforum.rs\/previous-events\/audio-forum-2016\/#breadcrumb"},"inLanguage":"sr-RS","potentialAction":[{"@type":"ReadAction","target":["https:\/\/audioforum.rs\/previous-events\/audio-forum-2016\/"]}]},{"@type":"ImageObject","inLanguage":"sr-RS","@id":"https:\/\/audioforum.rs\/previous-events\/audio-forum-2016\/#primaryimage","url":"https:\/\/audioforum.rs\/wp-content\/uploads\/2023\/10\/AF_og_image_v3-01.jpg","contentUrl":"https:\/\/audioforum.rs\/wp-content\/uploads\/2023\/10\/AF_og_image_v3-01.jpg","width":1200,"height":768},{"@type":"BreadcrumbList","@id":"https:\/\/audioforum.rs\/previous-events\/audio-forum-2016\/#breadcrumb","itemListElement":[{"@type":"ListItem","position":1,"name":"Home","item":"https:\/\/audioforum.rs\/"},{"@type":"ListItem","position":2,"name":"Previous Events","item":"https:\/\/audioforum.rs\/previous-events\/"},{"@type":"ListItem","position":3,"name":"Audio Forum 2016"}]},{"@type":"WebSite","@id":"https:\/\/audioforum.rs\/#website","url":"https:\/\/audioforum.rs\/","name":"Audio Forum","description":"A unique annual pro-audio conference in SEE","publisher":{"@id":"https:\/\/audioforum.rs\/#organization"},"potentialAction":[{"@type":"SearchAction","target":{"@type":"EntryPoint","urlTemplate":"https:\/\/audioforum.rs\/?s={search_term_string}"},"query-input":{"@type":"PropertyValueSpecification","valueRequired":true,"valueName":"search_term_string"}}],"inLanguage":"sr-RS"},{"@type":"Organization","@id":"https:\/\/audioforum.rs\/#organization","name":"Audio Forum","url":"https:\/\/audioforum.rs\/","logo":{"@type":"ImageObject","inLanguage":"sr-RS","@id":"https:\/\/audioforum.rs\/#\/schema\/logo\/image\/","url":"https:\/\/audioforum.rs\/wp-content\/uploads\/2023\/11\/AF_Logo-01.png","contentUrl":"https:\/\/audioforum.rs\/wp-content\/uploads\/2023\/11\/AF_Logo-01.png","width":4000,"height":420,"caption":"Audio Forum"},"image":{"@id":"https:\/\/audioforum.rs\/#\/schema\/logo\/image\/"},"sameAs":["https:\/\/www.facebook.com\/masivaudioforum\/","https:\/\/www.youtube.com\/c\/AudioForum","https:\/\/www.instagram.com\/audio_forum\/","https:\/\/discord.com\/invite\/pW4tgnn4k3"]}]}},"_links":{"self":[{"href":"https:\/\/audioforum.rs\/sr\/wp-json\/wp\/v2\/pages\/84","targetHints":{"allow":["GET"]}}],"collection":[{"href":"https:\/\/audioforum.rs\/sr\/wp-json\/wp\/v2\/pages"}],"about":[{"href":"https:\/\/audioforum.rs\/sr\/wp-json\/wp\/v2\/types\/page"}],"author":[{"embeddable":true,"href":"https:\/\/audioforum.rs\/sr\/wp-json\/wp\/v2\/users\/3"}],"replies":[{"embeddable":true,"href":"https:\/\/audioforum.rs\/sr\/wp-json\/wp\/v2\/comments?post=84"}],"version-history":[{"count":15,"href":"https:\/\/audioforum.rs\/sr\/wp-json\/wp\/v2\/pages\/84\/revisions"}],"predecessor-version":[{"id":1062,"href":"https:\/\/audioforum.rs\/sr\/wp-json\/wp\/v2\/pages\/84\/revisions\/1062"}],"up":[{"embeddable":true,"href":"https:\/\/audioforum.rs\/sr\/wp-json\/wp\/v2\/pages\/72"}],"wp:featuredmedia":[{"embeddable":true,"href":"https:\/\/audioforum.rs\/sr\/wp-json\/wp\/v2\/media\/288"}],"wp:attachment":[{"href":"https:\/\/audioforum.rs\/sr\/wp-json\/wp\/v2\/media?parent=84"}],"curies":[{"name":"wp","href":"https:\/\/api.w.org\/{rel}","templated":true}]}}